{"id":403,"date":"2020-12-07T18:35:01","date_gmt":"2020-12-07T17:35:01","guid":{"rendered":"https:\/\/www.kameradenkreis.eu\/?page_id=403"},"modified":"2026-01-29T13:29:54","modified_gmt":"2026-01-29T12:29:54","slug":"kamkreis-wiki-in-erstellung","status":"publish","type":"page","link":"https:\/\/www.kameradenkreis.eu\/?page_id=403","title":{"rendered":"Kleines KamKreis-Wiki"},"content":{"rendered":"\n<p><strong>Kameradenkreis&nbsp;1. LLDiv-KLK-DSO-DSK<\/strong><\/p>\n\n\n\n<p>Der Kameradenkreis 1.LLDiv-KLK-DSO-DSK (1. Luftlandedivision &#8211; Kommando Luftbewegliche Kr\u00e4fte &#8211; Division&nbsp; &nbsp;Schnelle&nbsp; &nbsp;Operationen&nbsp;&#8211; Division&nbsp; &nbsp;Schnelle Kr\u00e4fte) ist die gr\u00f6\u00dfte Untergliederung im Bund Deutscher Fallschirmj\u00e4ger e.V. und wurde 1997 in der Nibelungen- Kaserne in Regensburg gegr\u00fcndet. Ziel des Kameradenkreises ist es, eine enge Verbindung zwischen aktiven Soldaten der Fallschirmj\u00e4gertruppe und den ehemaligen Angeh\u00f6rigen von Fallschirm- und Luftlandeverb\u00e4nden zu schaffen, die sich aus gemeinsamen Eins\u00e4tzen oder der gemeinsamen Fallschirmsprungausbildung heraus mit der Truppe verbunden f\u00fchlen.<\/p>\n\n\n\n<p><img decoding=\"async\" src=\"\" style=\"width: 1px;\">Zweck:&nbsp;&nbsp;&nbsp;&nbsp;&nbsp;&nbsp;&nbsp;&nbsp;&nbsp;&nbsp;&nbsp;&nbsp;&nbsp;&nbsp;&nbsp;&nbsp;&nbsp;&nbsp; F\u00f6rderung des kameradschaftlichen Zusammenhalts zwischen aktiven und ehemaligen Fallschirmj\u00e4gern, Luftlande- und Kommandosoldaten.<\/p>\n\n\n\n<p>Vorsitz:&nbsp;&nbsp;&nbsp;&nbsp;&nbsp;&nbsp;&nbsp;&nbsp;&nbsp;&nbsp;&nbsp;&nbsp;&nbsp;&nbsp;&nbsp;&nbsp;&nbsp;&nbsp; Generalleutnant a. D. Hans-Werner Fritz<\/p>\n\n\n\n<p>Gesch\u00e4ftsf\u00fchrer:&nbsp;&nbsp;&nbsp;&nbsp; Oberstleutnant d. R. Torsten Schmidt<\/p>\n\n\n\n<p>Gr\u00fcndungsdatum: 18. Oktober 1997<\/p>\n\n\n\n<p>Mitgliederzahl:&nbsp;&nbsp;&nbsp;&nbsp;&nbsp;&nbsp;&nbsp; rund 550<\/p>\n\n\n\n<p>Sitz:&nbsp;&nbsp;&nbsp;&nbsp;&nbsp;&nbsp;&nbsp;&nbsp;&nbsp;&nbsp;&nbsp;&nbsp;&nbsp;&nbsp;&nbsp;&nbsp;&nbsp;&nbsp;&nbsp;&nbsp;&nbsp;&nbsp;        Hannover<\/p>\n\n\n\n<p>Website:&nbsp;&nbsp;&nbsp;&nbsp;&nbsp;&nbsp;&nbsp;&nbsp;&nbsp;&nbsp;&nbsp;&nbsp;&nbsp;&nbsp;&nbsp;&nbsp;  www.kameradenkreis.eu<\/p>\n\n\n\n<p><img loading=\"lazy\" decoding=\"async\" src=\"\" width=\"681\" height=\"3\"><strong>Geschichte<\/strong><\/p>\n\n\n\n<p>Vor \u00fcber 20 Jahren wurde der <em>Kameradenkreis 1.Luftlandedivision \u2013 Kommando Luftbewegliche Kr\u00e4fte <\/em>in der Nibelungen- Kaserne in Regensburg gegr\u00fcndet. Wesentliches Ziel der Gr\u00fcndung dieser neuen Vereinigung im Bund Deutscher Fallschirmj\u00e4ger e.V. (BDF) war es damals, die durch das strukturelle Hin- und Her nach der Entscheidung zur Aufl\u00f6sung der<a href=\"https:\/\/de.wikipedia.org\/wiki\/Bund_Deutscher_Fallschirmj%C3%A4ger\"> <\/a>1. Luftlandedivision auseinander gerissenen aktiven und ehemaligen Soldaten dieses Gro\u00dfverbandes durch den BDF zusammen zu halten und zugleich<a href=\"https:\/\/de.wikipedia.org\/wiki\/4._Panzergrenadierdivision_(Bundeswehr)\"> <\/a>das Zusammenwachsen unter dem neuen gemeinsamen Dach des Kommandos Luftbewegliche Kr\u00e4fte \/ 4. Panzergrenadierdivision zu unterst\u00fctzen. Gleichzeitig war es Absicht, im Rahmen des BDF &#8211; zus\u00e4tzlich zu den traditionellen Orts- und Landeskameradschaften &#8211; eine Vereinigung zu schaffen die \u00fcberregional besonders die j\u00fcngere Generation durch entsprechende Aktivit\u00e4ten ansprechen sollte.<\/p>\n\n\n\n<p>Mittlerweile hat der Kameradenkreis eine St\u00e4rke von \u00fcber 600 Mitgliedern erreicht und ist damit die gr\u00f6\u00dfte Untergliederung im<\/p>\n\n\n\n<p>Bund Deutscher Fallschirmj\u00e4ger e.V. <\/p>\n\n\n\n<p>Der Kameradenkreis ist nichts orts- oder bundeslandbezogen, sondern erstreckt sich \u00fcber das gesamte Bundesgebiet. Die Mitgliederstruktur reicht vom Gefreiten bis zum 4-Sterne General. Auch der Name des Kameradenkreises spiegelt die h\u00e4ufigen Umstrukturierungen in der Bundeswehr wieder: \u201e1.Luftlandedivision-Kommando Luftbewegliche Kr\u00e4fte- Division Spezielle Operationen &#8211; Division Schnelle Kr\u00e4fte\u201c kurz \u201eKameradenkreis 1.LLDiv-KLK- DSO-DSK\u201c. Er bildet damit gleichsam die einschneidenden Struktur\u00e4nderungen ab, die diese Truppe gerade in den letzten Jahren verkraften musste und unterstreicht, wie wichtig Kameradschaft ist, um die Verbindung zwischen den verschiedenen Soldatengenerationen \u00fcber diese Einschnitte hinweg zu halten. Auch Soldaten anderer Truppenteile, die sich verbunden f\u00fchlen, sind im Kameradenkreis willkommen.<\/p>\n\n\n\n<p><img loading=\"lazy\" decoding=\"async\" src=\"\" width=\"681\" height=\"3\"><strong>Ziele<\/strong><\/p>\n\n\n\n<p>Ziel des Kameradenkreises 1.LLDiv-KLK-DSO-DSK ist es, den kameradschaftlichen Zusammenhalt zwischen aktiven und ehemaligen Fallschirmj\u00e4gern, Luftlande- und Kommandosoldaten zu f\u00f6rdern und damit zu unterst\u00fctzen. Dazu geh\u00f6ren auch Aktivit\u00e4ten im europ\u00e4ischen und internationalen Rahmen. Der Kameradenkreises 1.LLDiv-KLK-DSO-DSK ist vor \u00fcber 20 Jahren nach &nbsp;Aufl\u00f6sung &nbsp;der &nbsp;1.Luftlandedivision &nbsp;&#8211; &nbsp;zus\u00e4tzlich &nbsp;zu &nbsp;den &nbsp;traditionellen &nbsp;Kameradschaften &nbsp;im &nbsp;Bund &nbsp;Deutscher Fallschirmj\u00e4ger e.V.- gegr\u00fcndet worden, um<\/p>\n\n\n\n<p>&#8211; den Zusammenhalt der Fallschirmj\u00e4ger in der Bundeswehr zu wahren,<\/p>\n\n\n\n<p>&#8211; die Verbindungen zu den alten Truppenteilen und ihren Nachfolgern aufrecht und lebendig zu halten, die Weiterentwicklung dieser Truppe zu unterst\u00fctzen<\/p>\n\n\n\n<p>&#8211; gleichzeitig ihren R\u00fcckhalt und ihre Unterst\u00fctzung in der \u00d6ffentlichkeit zu verbessern.<\/p>\n\n\n\n<p>Zugleich will der Kameradenkreis daf\u00fcr sorgen, dass die Fallschirmj\u00e4gertruppe bessere Voraussetzungen und die erforderlichen Mittel erh\u00e4lt, um ihr durch das Parlament vorgegebene Aufgabenspektrum abdecken zu k\u00f6nnen. Hierzu sind in der Vergangenheit im Kameradenkreises 1.LLDiv-KLK-DSO-DSK neue Formen der Begegnung und vielf\u00e4ltige Aktivit\u00e4ten besonders f\u00fcr die j\u00fcngere Generation entwickelt worden, von der Nutzung des Internet f\u00fcr die unkomplizierte Kommunikation, Treffen bei aktiven Truppenteilen bis hin zur Teilnahme an einzelnen Ausbildungsvorhaben oder Wettbewerben im Ausland und milit\u00e4rhistorischen Exkursionen. Der Kameradenkreises 1.LLDiv-KLK-DSO-DSK trifft sich j\u00e4hrlich zu seinen Jahrestreffen an einem Standort der Luftlande-\/Fallschirmj\u00e4gertruppe der Bundeswehr. Dar\u00fcber hinaus werden den Mitgliedern M\u00f6glichkeiten geboten, an interessanten Vorhaben im In- und Ausland teilzunehmen. Im Rahmen der Union Europ\u00e4ischer Fallschirmj\u00e4ger (U.E.P.) wird auch die internationale Zusammenarbeit weiter gef\u00f6rdert und vertieft.<\/p>\n\n\n\n<p><img loading=\"lazy\" decoding=\"async\" width=\"681\" height=\"3\" src=\"\"><strong>V<\/strong><strong>orstand<\/strong><\/p>\n\n\n\n<p><strong>Kameradschaftsleiter: <\/strong>Seit 2018: Generalleutnant a.D. Hans-Werner Fritz<\/p>\n\n\n\n<p>                                                   1997-2018 Generalmajor a.D. Georg Bernhardt<\/p>\n\n\n\n<p><\/p>\n\n\n\n<p><strong>Gesch\u00e4ftsf\u00fchrer<\/strong>: Seit 2015: Oberstleutnant d. Res. Torsten Schmidt<\/p>\n\n\n\n<p>                                      2007-2015: Oberstleutnant d. Res. Georg Weiland<\/p>\n\n\n\n<p>                                     2001-2007: Oberstleutnant a.D. Arno Br\u00f6ker<\/p>\n\n\n\n<p>                                     1997-2001 Oberstabsfeldwebel a.D. Karlheinz Dubronner<\/p>\n\n\n\n<p><\/p>\n\n\n\n<p><strong>Stellvertretung<\/strong>: Seit 2015: Oberstleutnant d. Res. Martin Hinrichs<\/p>\n\n\n\n<p>                                    2015-2017 Obergefreiter d. Res. K. K\u00f6ster<\/p>\n\n\n\n<p>                                   2010-2015: Oberstleutnant d. Res. Torsten Schmidt<\/p>\n\n\n\n<p><\/p>\n\n\n\n<p><strong><em>Ehrenmitglieder<\/em>:<\/strong> Generalmajor a.D. Georg Bernhardt, Oberstleutnant a.D. Erich Bosse<\/p>\n\n\n\n<p><img loading=\"lazy\" decoding=\"async\" src=\"\" width=\"681\" height=\"3\"><strong>Mitgliederversammlungen <\/strong><strong>1997 bis heute<\/strong><\/p>\n\n\n\n<p>1997 REGENSBURG<\/p>\n\n\n\n<p>1998 SAARLOUIS<\/p>\n\n\n\n<p>1999 ALTENSTADT<\/p>\n\n\n\n<p>2000 OLDENBURG<\/p>\n\n\n\n<p>2001 DOBERLUG-KIRCHHAIN<\/p>\n\n\n\n<p>2002 REGENSBURG<\/p>\n\n\n\n<p>2003 HAMMELBURG<\/p>\n\n\n\n<p>2004 ALTENSTADT<\/p>\n\n\n\n<p>2005 SAARLOUIS<\/p>\n\n\n\n<p>2006 REGENSBURG<\/p>\n\n\n\n<p>2007 SEEDORF<\/p>\n\n\n\n<p>2008 SAARLOUIS<\/p>\n\n\n\n<p>2009 REGENSBURG<\/p>\n\n\n\n<p>2010 STADTALLENDORF<\/p>\n\n\n\n<p>2011 ZWEIBR\u00dcCKEN<\/p>\n\n\n\n<p>2012 ALTENSTADT<\/p>\n\n\n\n<p>2013 STADTALLENDORF<\/p>\n\n\n\n<p>2014 PFULLENDORF<\/p>\n\n\n\n<p>2015 GR\u00dcNHEIDE<\/p>\n\n\n\n<p>2016 SEEDORF<\/p>\n\n\n\n<p>2017 STADTALLENDORF<\/p>\n\n\n\n<p>2018 SAARLOUIS<\/p>\n\n\n\n<p>2019 ALTENSTADT<\/p>\n\n\n\n<p>2020 STRASSBURG; Ausfall, COVID-19<\/p>\n\n\n\n<p>2021 DRESDEN;  Ausfall, COVID-19<\/p>\n\n\n\n<p>2022 ALTENSTADT; Ausfall, COVID-19<\/p>\n\n\n\n<p>2023 ALTENSTADT  <\/p>\n\n\n\n<p>2024 Ausfall, in Zusammenhang mit UEP-Pr\u00e4sidentschaft<\/p>\n\n\n\n<p>2025 CELLE<\/p>\n\n\n\n<p>2026 HAMMELBURG (in Planung)<\/p>\n\n\n\n<p><strong>Bund Deutscher Fallschirmj\u00e4ger e.V.<\/strong><\/p>\n\n\n\n<p>Der Bund Deutscher Fallschirmj\u00e4ger e.V. besteht zurzeit aus rund 2.300 Mitgliedern, die in einzelnen Landes- und Ortskameradschaften und Traditionsverb\u00e4nden zusammengefasst sind. Jedes Mitglied des BDF ist zugleich Mitglied in der U.E.P. Der BDF ist die Vereinigung von aktiven Soldaten\/Soldatinnen, Reservisten\/ Reservistinnen und Veteranen der deutschen Fallschirmj\u00e4ger- und Luftlandetruppe sowie der Spezial- und spezialisierten Kr\u00e4fte. Der Bund Deutscher Fallschirmj\u00e4ger e.V. bekennt sich zum Grundgesetz der Bundesrepublik Deutschland. Er ist unabh\u00e4ngig, \u00fcberparteilich und \u00fcberkonfessionell.<\/p>\n\n\n\n<p>Der Bund Deutscher Fallschirmj\u00e4ger e.V. ist selbstlos t\u00e4tig. Er ist eine Vereinigung zur selbstlosen Wahrung und F\u00f6rderung seiner ideellen, der Allgemeinheit dienenden Ziele.<\/p>\n\n\n\n<p><\/p>\n\n\n\n<p><strong>Union Europ\u00e4ischer Fallschirmj\u00e4ger (U.E.P.)<\/strong><\/p>\n\n\n\n<p>In der Union Europ\u00e4ischer Fallschirmj\u00e4ger (U.E.P.) haben sich die Fallschirmj\u00e4ger- und Spezialkr\u00e4fte- Vereinigungen aus BELGIEN, DEUTSCHLAND, FRANKREICH, GRIECHENLAND, ITALIEN, \u00d6STERREICH, POLEN, PORTUGAL, SPANIEN, UNGARN und ZYPERN zusammengeschlossen. Die U.E.P. hat rund 42.000 Mitglieder.<\/p>\n\n\n\n<p><\/p>\n\n\n\n<p><\/p>\n","protected":false},"excerpt":{"rendered":"<p>Kameradenkreis&nbsp;1. LLDiv-KLK-DSO-DSK Der Kameradenkreis 1.LLDiv-KLK-DSO-DSK (1. Luftlandedivision &#8211; Kommando Luftbewegliche Kr\u00e4fte &#8211; Division&nbsp; &nbsp;Schnelle&nbsp; &nbsp;Operationen&nbsp;&#8211; Division&nbsp; &nbsp;Schnelle Kr\u00e4fte) ist die gr\u00f6\u00dfte Untergliederung im Bund Deutscher Fallschirmj\u00e4ger e.V. und wurde 1997 in der Nibelungen- Kaserne in Regensburg gegr\u00fcndet. Ziel des Kameradenkreises ist es, eine enge Verbindung zwischen aktiven Soldaten der Fallschirmj\u00e4gertruppe und den ehemaligen Angeh\u00f6rigen von &hellip; <\/p>\n<p class=\"link-more\"><a href=\"https:\/\/www.kameradenkreis.eu\/?page_id=403\" class=\"more-link\"><span class=\"screen-reader-text\">\u201eKleines KamKreis-Wiki\u201c <\/span>weiterlesen<\/a><\/p>\n","protected":false},"author":2,"featured_media":0,"parent":0,"menu_order":0,"comment_status":"closed","ping_status":"closed","template":"","meta":{"footnotes":""},"class_list":["post-403","page","type-page","status-publish","hentry"],"_links":{"self":[{"href":"https:\/\/www.kameradenkreis.eu\/index.php?rest_route=\/wp\/v2\/pages\/403","targetHints":{"allow":["GET"]}}],"collection":[{"href":"https:\/\/www.kameradenkreis.eu\/index.php?rest_route=\/wp\/v2\/pages"}],"about":[{"href":"https:\/\/www.kameradenkreis.eu\/index.php?rest_route=\/wp\/v2\/types\/page"}],"author":[{"embeddable":true,"href":"https:\/\/www.kameradenkreis.eu\/index.php?rest_route=\/wp\/v2\/users\/2"}],"replies":[{"embeddable":true,"href":"https:\/\/www.kameradenkreis.eu\/index.php?rest_route=%2Fwp%2Fv2%2Fcomments&post=403"}],"version-history":[{"count":9,"href":"https:\/\/www.kameradenkreis.eu\/index.php?rest_route=\/wp\/v2\/pages\/403\/revisions"}],"predecessor-version":[{"id":589,"href":"https:\/\/www.kameradenkreis.eu\/index.php?rest_route=\/wp\/v2\/pages\/403\/revisions\/589"}],"wp:attachment":[{"href":"https:\/\/www.kameradenkreis.eu\/index.php?rest_route=%2Fwp%2Fv2%2Fmedia&parent=403"}],"curies":[{"name":"wp","href":"https:\/\/api.w.org\/{rel}","templated":true}]}}